{"id":13385,"date":"2018-06-21T10:39:44","date_gmt":"2018-06-21T08:39:44","guid":{"rendered":"https:\/\/lalalaeditorial.com\/micromecenas-complices\/"},"modified":"2023-04-04T17:06:09","modified_gmt":"2023-04-04T15:06:09","slug":"micromecenas-complices","status":"publish","type":"page","link":"https:\/\/lalalaeditorial.com\/ca\/tutty-joc-families-diverses\/micromecenas-complices\/","title":{"rendered":"Micromecenes \/ C\u00f2mplices"},"content":{"rendered":"[spb_text_block pb_margin_bottom=&#8221;no&#8221; pb_border_bottom=&#8221;no&#8221; width=&#8221;1\/1&#8243; el_position=&#8221;first last&#8221;]\n<p>&nbsp;<\/p>\n<p>Persones d&#8217;aqu\u00ed, d&#8217;all\u00e0 i de m\u00e9s enll\u00e0. Totes juntes van fer possible aquest joc de cartes. <strong>Gr\u00e0cies!<\/strong> Pel joc, i pel gest.<\/p>\n<p>&nbsp;<\/p>\n[\/spb_text_block] [spb_text_block title=&#8221;Han participat en el nostre audiovisual de promoci\u00f3&#8230;&#8221; pb_margin_bottom=&#8221;no&#8221; pb_border_bottom=&#8221;no&#8221; width=&#8221;1\/1&#8243; el_position=&#8221;first last&#8221;][\/spb_text_block] [spb_single_image image=&#8221;12391&#8243; image_size=&#8221;full&#8221; frame=&#8221;noframe&#8221; lightbox=&#8221;no&#8221; link_target=&#8221;_self&#8221; fullwidth=&#8221;yes&#8221; el_class=&#8221;fondo-beis&#8221; width=&#8221;1\/1&#8243; el_position=&#8221;first last&#8221;][\/spb_single_image] [impact_text include_button=&#8221;no&#8221; button_style=&#8221;standard&#8221; title=&#8221;Texto en el bot\u00f3n&#8221; color=&#8221;accent&#8221; size=&#8221;normal&#8221; type=&#8221;standard&#8221; target=&#8221;_blank&#8221; position=&#8221;cta_align_bottom&#8221; alt_background=&#8221;none&#8221; width=&#8221;1\/1&#8243; el_position=&#8221;first last&#8221;]\n<p style=\"text-align: justify;\"><a href=\"https:\/\/www.verkami.com\/projects\/18632-tutty-un-juego-de-familias-diversas\" target=\"_blank\" rel=\"noopener noreferrer\"><img loading=\"lazy\" decoding=\"async\" class=\"alignleft wp-image-12736 size-full\" src=\"https:\/\/lalalaeditorial.com\/wp-content\/uploads\/2018\/07\/verkami.jpg\" alt=\"verkami\" width=\"150\" height=\"150\" srcset=\"https:\/\/lalalaeditorial.com\/wp-content\/uploads\/2018\/07\/verkami.jpg 150w, https:\/\/lalalaeditorial.com\/wp-content\/uploads\/2018\/07\/verkami-100x100.jpg 100w\" sizes=\"(max-width: 150px) 100vw, 150px\" \/><\/a><br \/>\nTutty \u00e9s un joc did\u00e0ctic que promou el respecte a la diversitat afectiva, sexual i familiar. Contribueix a la superaci\u00f3 dels prejudicis i estereotips de g\u00e8nere oferint models alternatius de conviv\u00e8ncia.<\/p>\n<p>Sobretot, pret\u00e9n que nens i nenes aprenguin que les relacions familiars es funden en l&#8217;afecte, la cura i el respecte; i si aix\u00f2 es compleix, <strong>est\u00e0s de sort amb la teva fam\u00edlia!<\/strong><\/p>\n[\/impact_text] [spb_text_block title=&#8221;Entitats amigues&#8221; pb_margin_bottom=&#8221;no&#8221; pb_border_bottom=&#8221;no&#8221; width=&#8221;1\/1&#8243; el_position=&#8221;first last&#8221;][\/spb_text_block] [spb_column width=&#8221;1\/4&#8243; el_position=&#8221;first&#8221;] [spb_text_block pb_margin_bottom=&#8221;no&#8221; pb_border_bottom=&#8221;no&#8221; width=&#8221;1\/1&#8243; el_position=&#8221;first last&#8221;]\n<div class=\"margin-top:60px;\"><a href=\"http:\/\/lalupavioleta.com\" target=\"_blank\" rel=\"noopener noreferrer\"><img loading=\"lazy\" decoding=\"async\" class=\"alignleft wp-image-12741 size-full\" src=\"https:\/\/lalalaeditorial.com\/wp-content\/uploads\/2018\/07\/la_lupa_violeta-1.jpg\" alt=\"La lupa violeta\" width=\"324\" height=\"336\" srcset=\"https:\/\/lalalaeditorial.com\/wp-content\/uploads\/2018\/07\/la_lupa_violeta-1.jpg 324w, https:\/\/lalalaeditorial.com\/wp-content\/uploads\/2018\/07\/la_lupa_violeta-1-289x300.jpg 289w\" sizes=\"(max-width: 324px) 100vw, 324px\" \/><\/a><\/div>\n[\/spb_text_block] [\/spb_column] [spb_column width=&#8221;1\/4&#8243;] [spb_text_block pb_margin_bottom=&#8221;no&#8221; pb_border_bottom=&#8221;no&#8221; width=&#8221;1\/1&#8243; el_position=&#8221;first last&#8221;]\n<div style=\"text-align: right;\"><img loading=\"lazy\" decoding=\"async\" class=\"alignright wp-image-12739 size-full\" src=\"https:\/\/lalalaeditorial.com\/wp-content\/uploads\/2018\/07\/teatreres_pel_mon.jpg\" alt=\"Teatreres pel mon\" width=\"324\" height=\"336\" srcset=\"https:\/\/lalalaeditorial.com\/wp-content\/uploads\/2018\/07\/teatreres_pel_mon.jpg 324w, https:\/\/lalalaeditorial.com\/wp-content\/uploads\/2018\/07\/teatreres_pel_mon-289x300.jpg 289w\" sizes=\"(max-width: 324px) 100vw, 324px\" \/><\/div>\n[\/spb_text_block] [\/spb_column] [spb_column width=&#8221;1\/4&#8243;] [spb_text_block pb_margin_bottom=&#8221;no&#8221; pb_border_bottom=&#8221;no&#8221; width=&#8221;1\/1&#8243; el_position=&#8221;first last&#8221;]\n<div style=\"text-align: right;\"><a href=\"http:\/\/www.larakafilms.com\/\" target=\"_blank\" rel=\"noopener\"><img loading=\"lazy\" decoding=\"async\" class=\"alignright wp-image-12740 size-full\" src=\"https:\/\/lalalaeditorial.com\/wp-content\/uploads\/2018\/07\/la_raka_films.jpg\" alt=\"La Raka films\" width=\"324\" height=\"336\" srcset=\"https:\/\/lalalaeditorial.com\/wp-content\/uploads\/2018\/07\/la_raka_films.jpg 324w, https:\/\/lalalaeditorial.com\/wp-content\/uploads\/2018\/07\/la_raka_films-289x300.jpg 289w\" sizes=\"(max-width: 324px) 100vw, 324px\" \/><\/a><\/div>\n[\/spb_text_block] [\/spb_column] [spb_column width=&#8221;1\/4&#8243; el_position=&#8221;last&#8221;] [spb_text_block pb_margin_bottom=&#8221;no&#8221; pb_border_bottom=&#8221;no&#8221; width=&#8221;1\/1&#8243; el_position=&#8221;first last&#8221;]\n<div style=\"text-align: right;\"><a href=\"http:\/\/www.elbrufol.com\/\" target=\"_blank\" rel=\"noopener\"><img loading=\"lazy\" decoding=\"async\" class=\"alignright wp-image-12744 size-full\" src=\"https:\/\/lalalaeditorial.com\/wp-content\/uploads\/2018\/07\/brufol-1.jpg\" alt=\"Brufol\" width=\"324\" height=\"336\" srcset=\"https:\/\/lalalaeditorial.com\/wp-content\/uploads\/2018\/07\/brufol-1.jpg 324w, https:\/\/lalalaeditorial.com\/wp-content\/uploads\/2018\/07\/brufol-1-289x300.jpg 289w\" sizes=\"(max-width: 324px) 100vw, 324px\" \/><\/a><\/div>\n[\/spb_text_block] [\/spb_column] [spb_accordion widget_title=&#8221;C\u00f3mplices&#8221; active_section=&#8221;0&#8243; width=&#8221;1\/1&#8243; el_position=&#8221;first last&#8221;] [spb_accordion_tab title=&#8221;Roman i Raquel. Foto i V\u00eddeo&#8221; accordion_id=&#8221;&#8221; icon=&#8221;&#8221;] [spb_text_block pb_margin_bottom=&#8221;no&#8221; pb_border_bottom=&#8221;no&#8221; width=&#8221;1\/1&#8243; el_position=&#8221;first last&#8221;]\n<p>Muntatge de l&#8217;audiovisual-tutorial per al paquet escolar. Pots veure les seves creacions en la seg\u00fcent web&nbsp;<a href=\"http:\/\/www.larakafilms.com\/\" target=\"_blank\" rel=\"noopener noreferrer\">http:\/\/www.larakafilms.com\/<\/a><\/p>\n[\/spb_text_block] [\/spb_accordion_tab] [spb_accordion_tab title=&#8221;Oques Grasses&#8221; accordion_id=&#8221;&#8221; icon=&#8221;&#8221;] [spb_text_block pb_margin_bottom=&#8221;no&#8221; pb_border_bottom=&#8221;no&#8221; width=&#8221;1\/1&#8243; el_position=&#8221;first last&#8221;]\n<p>Cessi\u00f3 del tema \u201cDigue-n&#8217;hi com vulguis\u201d com a m\u00fasica del v\u00eddeo promocional per a Verkami. &nbsp;Pots accedir al seu web en la seg\u00fcent enlla\u00e7&nbsp;&nbsp;<a href=\"http:\/\/oquesgrasses.com\/\" target=\"_blank\" rel=\"noopener noreferrer\">http:\/\/oquesgrasses.com\/<\/a><\/p>\n[\/spb_text_block] [\/spb_accordion_tab] [spb_accordion_tab title=&#8221;Inma Rodriguez&#8221; accordion_id=&#8221;&#8221; icon=&#8221;&#8221;] [spb_text_block pb_margin_bottom=&#8221;no&#8221; pb_border_bottom=&#8221;no&#8221; width=&#8221;1\/1&#8243; el_position=&#8221;first last&#8221;]\n<p>Escenografia i local d&#8217;enregistrament. <a href=\"https:\/\/www.facebook.com\/inma.rgz\" target=\"_blank\" rel=\"noopener noreferrer\">Facebook<\/a><\/p>\n<p>&nbsp;<\/p>\n[\/spb_text_block] [\/spb_accordion_tab] [spb_accordion_tab title=&#8221;L&#8217;Oracle de L&#8217;est&#8221; accordion_id=&#8221;&#8221; icon=&#8221;&#8221;] [spb_text_block pb_margin_bottom=&#8221;no&#8221; pb_border_bottom=&#8221;no&#8221; width=&#8221;1\/1&#8243; el_position=&#8221;first last&#8221;]\n<p>Vestuari per a l&#8217;audiovisual de promoci\u00f3. <a href=\"http:\/\/loracleteatre.com\/\" target=\"_blank\" rel=\"noopener noreferrer\">Web<\/a><\/p>\n[\/spb_text_block] [\/spb_accordion_tab] [\/spb_accordion] [impact_text include_button=&#8221;no&#8221; button_style=&#8221;standard&#8221; title=&#8221;Text on the button&#8221; color=&#8221;blue&#8221; size=&#8221;large&#8221; type=&#8221;dropshadow&#8221; target=&#8221;_self&#8221; position=&#8221;cta_align_right&#8221; alt_background=&#8221;alt-two&#8221; width=&#8221;1\/1&#8243; el_position=&#8221;first last&#8221;]\n<h2>Micromecenes&#8230;<\/h2>\n<p><strong>Gr\u00e0cies a toda la gent que ha fet possible aquest projecte.<\/strong><\/p>\n<p>Girasol \u2013 Puchi \u2013 Omundoaoreves \u2013 Carlos Galindo Pardos \u2013 M.Carmen Tripiana Sanchez \u2013 Mireia y Marc Martinez Nicolau \u2013 Maria \u2013 Esther \u2013 Vullveure \u2013 Ferm\u00edn Bertomeu Vidal \u2013 Helena Cabrera \u2013 Chus \u2013 Covadonga Peremarch \u2013 Mandalaky \u2013 Judit Candelas Sanchiz \u2013 Asun Candelas \u2013 Graciela y Carmelo \u2013 Andr\u00e9s Gonz\u00e1lez \u2013 Rocio Forriol Ruiperez \u2013 Pepe Sim\u00f3n \u2013 Marisa Pla \u2013 Cristobal Lander \u2013 Laura L\u00f3pez Mart\u00ednez \u2013 Vullsentir \u2013 Vullapendrer \u2013 Vullestimar \u2013 Chus \u2013 Editales \u2013 Teresa \u2013 Anna \u2013 lanavedelbebe.com \u2013 Nil Porta Requeno \u2013 Rosa Rubiralta \u2013 Ariadna Mart\u00ednez Guarn\u00e9 \u2013 Sara de Lecea \u2013 Maria Tresserras \u2013 Cl\u00e0udia Castell\u00e0 \u2013 Anna J R \u2013 Vrajes &amp; Isabel &amp; Josep M \u2013 Mireia Ripoll Bertomeu \u2013 El Calaix Groc \u2013 Pepisa \u2013 Berlem \u2013 Conxa Ricart \u2013 Olga Montero Morales \u2013 Menti \u2013 Laura Roc\u00edo G\u00f3mez \u2013 Vivi Borrajo \u2013 Eva G Mendui\u00f1a \u2013 Sandra Hernandorena \u2013 Seabody \u2013 Alejandra \u2013 Pilar Ortega-Leal \u2013 La Tejedora MSC \u2013 Soraya VR \u2013 Iratxe Sedano \u2013 Mart\u00edn Ivars Ripoll \u2013 Joan Enric Gil Andres \u2013 Alteoni \u2013 Alfred \u2013 Nuria Monteagudo Martorell \u2013 Maria Jos\u00e9. &nbsp;Con los ni\u00f1os en la mochila \u2013 Carmen y Blanca Bermejo \u2013 Fran Portillo \u2013 Pau Forner Cristobal \u2013 Concha Romero Alcal\u00e1 \u2013 Jordi Giner Monfort \u2013 Diana S\u00e1inz Garc\u00eda \u2013 Ayuntamiento de Huarte \u2013 Alicia \u2013 Marc Aldea Mar\u00edn \u2013 Caulinphoto \u2013 Patxi \u2013 Lau \u2013 Valentina \u2013 Sonia \u2013 Mar\u00eda Montes \u2013 Vanesa P\u00e9rez &#8220;\u00bfY de verdad tienes tres?&#8221; \u2013 Ubuntuland \u2013 N\u00faria Cano Cano \u2013 Mat\u00edas y Tom\u00e1s \u2013 Marta \u2013 Adriana Torres \u2013 Laura \u2013 Elena Trevi\u00f1o \u2013 Marta Dom\u00ednguez L\u00f3pez \u2013 Veronica \u2013 Jose Indraya \u2013 Xabi Sala \u2013 Silvia Artigues \u2013 Laura Ferre Garcia \u2013 Ioli \u2013 Javivi \u2013 Javivi \u2013 Visi L\u00f3pez \u2013 Pilar P \u2013 S\u00f2nia i Biel Escriv\u00e0 Dur\u00e0 \u2013 Marian Mart\u00ed \u2013 Palero \u2013 Paqui Palmer \u2013 \u00c1ngela Est\u00e9vez Rey \u2013 Isabel Mart\u00edn Garcia \u2013 Beb\u00e9 a Mordor \u2013 Lara Mole\u00f3n \u2013 Mariana Santiago Vargas \u2013 Luc\u00eda Garc\u00eda Galva\u00f1 \u2013 Sara Oriol Ca\u00f1avate \u2013 PacoMartaHelena \u2013 PacoVaroch \u2013 Llibres Chus \u2013 Mar\u00eda Ferraz \u2013 eelimbo \u2013 Concha Mata \u2013 Elina y Mirko Muzika Garc\u00eda \u2013 Roc\u00edo &#8220;La maestra PiraTa&#8221; \u2013 Judit L\u00f3pez Navarro \u2013 Gerard i Arnau \u2013 Jael Sempere Casado \u2013 Muriel Sastre Quilis \u2013 Mayka Lerma \u2013 Claudia Mu\u00f1oz Gonz\u00e1lez \u2013 No vol posar res \u2013 Eva Terol Trenzano \u2013 Maria Estrada Pons \u2013 Yaiza Ageitos \u2013 Clara Gil \u2013 Emma Pascual \u2013 Rebep \u2013 Herbolari del Pla \u2013 Cloti iborra alcaraz \u2013 Raquel \u2013 Alexandra Parente Rigueiro \u2013 Gema Jim\u00e9nez Tost\u00f3n \u2013 Yolanda Baena \u2013 Diana Raznovich \u2013 Familia Bellido Alonso \u2013 J\u00falia Alcaraz Fr\u00edas \u2013 Carmen Ronda \u2013 Eva Fullana \u2013 Joanvi \u2013 Mari Cruz Pla Mil\u00e1n \u2013 El Botijo De Eru \u2013 Maite Ahuir \u2013 M. Carmen Requena \u2013 Fantasy World Marina Alta \u2013 Fantasy World D\u00e9nia \u2013 Dora Dom\u00e9nech \u2013 Marcela Verdu Rubio \u2013 Marcela Verdu Rubio \u2013 Kalaii \u2013 Mjhq \u2013 Luka \u2013 Amelia \u2013 Annabella Mart\u00ednez Cejudo \u2013 Cristina Moreno \u2013 Madresfera \u2013 Manuel S\u00e1nchez Hern\u00e1ndez \u2013 Salva Soler \u2013 \u201cDise\u00f1o Social en+\u201d \u2013 Auxi J. Le\u00f3n \u2013 Aure rubio \u2013 Mima \u2013 Anna Mestre \u2013 Rebeca Ba\u00f1uls \u2013 Ana BB \u2013 Jani \u2013 Sira Montiel \u2013 Ester Llopis \u2013 Julia y Pedro L\u00f3piz Ortiz \u2013 Luisa Notario \u2013 Maria Jose Sendra \u2013 Maia \u2013 Montse Villaverde \u2013 Ana Matricia \u2013 Pedro Acedo \u2013 Anna c. \u2013 Milhistoriasyuncafe \u2013 Maria Candelas \u2013 Maria \u2013 M\u00f3nica \u2013 Monica Espa\u00f1a \u2013 Sonia Tirado \u2013 Teresa Diez \u2013 Angel Camacho \u2013 #FamiliasDisfrutonas \u2013 Jos\u00e9 Manuel Lluch \u2013 Alba \u2013 Marissa Ribes \u2013 Eva de la Cruz \u2013 Sara, Lucas i Oriol \u2013 Edu Gil \u2013 Rosa Bernal \u2013 Vicen \u2013 Gloria y Ana \u2013 Carmen Ruiz Repullo \u2013 Ana \u2013 Ander Abendivar Perez \u2013 Eduardo Del Cerro Lopez \u2013 Max y Lola Milleiro Schildt \u2013 MCH \u2013 Yolanda Bern\u00e1rdez Morales \u2013 \u00c1ngel V\u00e1zquez Hern\u00e1ndez \u2013 Candida Barroso \u2013 Irene Ballester Buigues \u2013 Bitxo \u2013 M\u00aa Teresa Miguel Romero \u2013 Nadaya y Naroa Escanciano \u2013 Isabel M\u00aa \u00c1lvarez S\u00e1nchez \u2013 Charinqui \u2013 Inma Llobell Andres \u2013 Maruska Ivars \u2013 Lui Ca\u00f1as \u2013 Artichoke movement \u2013 Ciclobolleres Pa\u00eds Valenci\u00e0 \u2013 Isabel Lozano L\u00e1zaro \u2013 Maria i Fani \u2013 Carmelilla \u2013 Jana i \u00c0ngela Crespo Gonz\u00e1lez \u2013 Cloti iborra \u2013 Xepaua \u2013 Thor x \u2013 MoniPopins &nbsp;\u2013 Abel Cardona Castell \u2013 Aitana Mir\u00f3 \u2013 \u00c0ngel Oltra P\u00e9rez \u2013 Arantxa \u2013 Asociaci\u00f3 Fent Cam\u00ed \u2013 Bea \u2013 Beatriz Santos Garc\u00eda \u2013 Bego\u00f1a y Javi \u2013 Corona Garc\u00eda Agudo \u2013 Dani Sim\u00f3n Pl\u00e1 \u2013 David Santas \u2013 Elena Martha Casta\u00f1\u00f3n Canals \u2013 Esti e Isaac \u2013 Eva Salvador Fresquet \u2013 Familia Oxitocina \u2013 Psqui Romaguera \u2013 Guiomar \u2013 Javi Elrobot \u2013 Margarida Corral S\u00e1nchez \u2013 Maria Josep Mart\u00ednez \u2013 Marian Moreno Llaneza \u2013 Puri Moya \u2013 Rebeca Moreno Balaguer \u2013 Sara I Amaia \u2013 Alain \u2013 Alba Lled\u00f3 Vilaplana \u2013 Ali Brancal \u2013 Alicia Granja Gim\u00e9nez \u2013 Laia i J\u00falia \u2013 Araceli Buigues Soler \u2013 Pau Navarro \u2013 Carmen Ramos Gonz\u00e1lez y Celia Gimeno Bas \u2013 C\u00e9sar Rubio \u2013 El Galliner \u2013 Ferm\u00edn Bertomeu Vidal \u2013 Paco \u2013 Maia Vidal \u2013 GuillermoGS \u2013 Inma Campos Lle\u00f3 \u2013 Juanike \u2013 Laura Fern\u00e1ndez Pastor \u2013 Marta Cruz Arranz \u2013 Miriam \u2013 Montse Varea \u2013 Tere \u2013 Pura D\u00edaz \u2013 Rosa Sanchis \u2013 Rosario \u2013 Sergio Garcia Climent \u2013 Vic \u2013 Lolo Valverde \u2013 Nuria Zaragoza \u2013 ClownDestino Teatro \u2013 M\u00f3nica \u2013 Ana L\u00f3pez Navajas &nbsp;\u2013 Ferran \u2013 Paquibel Server P\u00e9rez \u2013 Ll\u00facia Boronat Monfort \u2013 Inma Rdgz (Teatro) \u2013 La Raka Films \u2013 Pep Soler \u2013 Teresa Llopis \u2013 Pep G. Buiza \u2013 Associaci\u00f3 per la Coeducaci\u00f3 \u2013 Sonia Cordoba \u2013 Xaro \u2013 Ana y Antonio \u2013 Rosa Pay\u00e1 Gonz\u00e1lez \u2013 IES \u2013 C.E.I.P Reina Sofia \u2013 Ayuntamiento de Villena-Concejal\u00eda de Igualdad \u2013 Juan Andr\u00e9s Teno \u2013 Escuela Educaci\u00f3n Circular. Lydia Sell\u00e9s Catal\u00e1n \u2013 Casa de la Dona. Ajuntament d&#8217;Elx \u2013 Fundaci\u00f3n Triangulo Castilla y Le\u00f3n \u2013 Vicent Sanchez Colodrero \u2013 Neus<\/p>\n[\/impact_text]\n","protected":false},"excerpt":{"rendered":"<p>[spb_text_block pb_margin_bottom=&#8221;no&#8221; pb_border_bottom=&#8221;no&#8221; width=&#8221;1\/1&#8243; el_position=&#8221;first last&#8221;] &nbsp; Persones d&#8217;aqu\u00ed, d&#8217;all\u00e0 i de m\u00e9s enll\u00e0. Totes juntes van fer possible aquest joc de cartes. Gr\u00e0cies! Pel joc, i pel gest. &nbsp; [\/spb_text_block] [spb_text_block title=&#8221;Han participat en el nostre audiovisual de promoci\u00f3&#8230;&#8221; pb_margin_bottom=&#8221;no&#8221; pb_border_bottom=&#8221;no&#8221; width=&#8221;1\/1&#8243; el_position=&#8221;first last&#8221;][\/spb_text_block] [spb_single_image image=&#8221;12391&#8243; image_size=&#8221;full&#8221; frame=&#8221;noframe&#8221; lightbox=&#8221;no&#8221; link_target=&#8221;_self&#8221; fullwidth=&#8221;yes&#8221; el_class=&#8221;fondo-beis&#8221; width=&#8221;1\/1&#8243; el_position=&#8221;first last&#8221;][\/spb_single_image] [impact_text include_button=&#8221;no&#8221; button_style=&#8221;standard&#8221; title=&#8221;Texto [&hellip;]<\/p>\n","protected":false},"author":1,"featured_media":0,"parent":13354,"menu_order":0,"comment_status":"closed","ping_status":"closed","template":"","meta":{"ngg_post_thumbnail":0,"footnotes":""},"class_list":["post-13385","page","type-page","status-publish","hentry"],"_links":{"self":[{"href":"https:\/\/lalalaeditorial.com\/ca\/wp-json\/wp\/v2\/pages\/13385"}],"collection":[{"href":"https:\/\/lalalaeditorial.com\/ca\/wp-json\/wp\/v2\/pages"}],"about":[{"href":"https:\/\/lalalaeditorial.com\/ca\/wp-json\/wp\/v2\/types\/page"}],"author":[{"embeddable":true,"href":"https:\/\/lalalaeditorial.com\/ca\/wp-json\/wp\/v2\/users\/1"}],"replies":[{"embeddable":true,"href":"https:\/\/lalalaeditorial.com\/ca\/wp-json\/wp\/v2\/comments?post=13385"}],"version-history":[{"count":0,"href":"https:\/\/lalalaeditorial.com\/ca\/wp-json\/wp\/v2\/pages\/13385\/revisions"}],"up":[{"embeddable":true,"href":"https:\/\/lalalaeditorial.com\/ca\/wp-json\/wp\/v2\/pages\/13354"}],"wp:attachment":[{"href":"https:\/\/lalalaeditorial.com\/ca\/wp-json\/wp\/v2\/media?parent=13385"}],"curies":[{"name":"wp","href":"https:\/\/api.w.org\/{rel}","templated":true}]}}