{"id":11206,"date":"2013-07-25T09:03:22","date_gmt":"2013-07-25T07:03:22","guid":{"rendered":"https:\/\/lalalaeditorial.com\/micromecenas-2\/"},"modified":"2023-04-03T14:04:45","modified_gmt":"2023-04-03T12:04:45","slug":"micromecenas","status":"publish","type":"page","link":"https:\/\/lalalaeditorial.com\/ca\/la-perruca-de-luca-projecte-escolar\/micromecenas\/","title":{"rendered":"Micromecenes"},"content":{"rendered":"[spb_single_image image=&#8221;10621&#8243; image_size=&#8221;full&#8221; frame=&#8221;noframe&#8221; lightbox=&#8221;no&#8221; link_target=&#8221;_self&#8221; fullwidth=&#8221;no&#8221; width=&#8221;2\/3&#8243; el_position=&#8221;first&#8221;][\/spb_single_image] [spb_text_block pb_margin_bottom=&#8221;no&#8221; pb_border_bottom=&#8221;no&#8221; width=&#8221;1\/3&#8243; el_position=&#8221;last&#8221;]\n<p style=\"text-align: justify;\"><strong>Hi havia una vegada una crisi.<\/strong> Les institucions p\u00fabliques estaven entre la fallida i el q\u00fcestionament permanent, les obres socials de les caixes d\u2019estalvi s\u2019esva\u00efen, els bancs no donaven (ni tenien) cr\u00e8dit, i quan semblava que estava per acabar-se el mon&#8230; llavors van apar\u00e8ixer les persones.<\/p>\n<p style=\"text-align: justify;\"><strong>Persones d\u2019ac\u00ed, d\u2019all\u00e0 i de m\u00e9s enll\u00e0. I totes juntes van fer possible aquest conte.<\/strong><\/p>\n<p style=\"text-align: justify;\"><strong>Gr\u00e0cies<\/strong> a les m\u00e9s de 300 personetes que han segut micro mecenes d\u2019aquest projecte.<br \/>\nGr\u00e0cies pel conte, i pel gest: perqu\u00e8 \u00e9s l\u2019evid\u00e8ncia m\u00e9s clara que, <strong>especialment en temps de crisi, el m\u00e9s important s\u00f3n les persones.<\/strong><\/p>\n[\/spb_text_block] [impact_text include_button=&#8221;yes&#8221; button_style=&#8221;standard&#8221; title=&#8221;Veure projecte en Verkami&#8221; href=&#8221;http:\/\/www.verkami.com\/projects\/3872-la-peluca-de-luca-un-proyecto-de-coeducacion&#8221; color=&#8221;accent&#8221; size=&#8221;normal&#8221; type=&#8221;standard&#8221; target=&#8221;_blank&#8221; position=&#8221;cta_align_bottom&#8221; alt_background=&#8221;alt-seven&#8221; width=&#8221;1\/1&#8243; el_position=&#8221;first last&#8221;]\n<p style=\"text-align: left;\"><a href=\"http:\/\/www.verkami.com\/projects\/3872-la-peluca-de-luca-un-proyecto-de-coeducacion\" target=\"_blank\" rel=\"noopener noreferrer\"><img loading=\"lazy\" decoding=\"async\" class=\"alignleft wp-image-10363\" src=\"https:\/\/lalalaeditorial.com\/wp-content\/uploads\/2013\/07\/verkami-300x296.png\" alt=\"verkami\" width=\"108\" height=\"107\" srcset=\"https:\/\/lalalaeditorial.com\/wp-content\/uploads\/2013\/07\/verkami-300x296.png 300w, https:\/\/lalalaeditorial.com\/wp-content\/uploads\/2013\/07\/verkami-100x100.png 100w, https:\/\/lalalaeditorial.com\/wp-content\/uploads\/2013\/07\/verkami-540x533.png 540w, https:\/\/lalalaeditorial.com\/wp-content\/uploads\/2013\/07\/verkami-150x150.png 150w, https:\/\/lalalaeditorial.com\/wp-content\/uploads\/2013\/07\/verkami.png 915w\" sizes=\"(max-width: 108px) 100vw, 108px\" \/><\/a>M\u00e9s que un conte per a valents, \u00e9s una aposta educativa per trencar els estereotips de g\u00e8nere. <strong>Qui decideix que el rosa \u00e9s de nenes i el blau de nens, o que hi ha actituds \u201cimpr\u00f2pies\u201d de nens o de nenes?<\/strong> Quan cr\u00e8iem que estava superat, arriba Luca i ens mostra que tot segueix igual\u2026<\/p>\n[\/impact_text] [impact_text include_button=&#8221;no&#8221; button_style=&#8221;standard&#8221; title=&#8221;Text on the button&#8221; color=&#8221;blue&#8221; size=&#8221;large&#8221; type=&#8221;dropshadow&#8221; target=&#8221;_self&#8221; position=&#8221;cta_align_right&#8221; alt_background=&#8221;alt-two&#8221; width=&#8221;1\/1&#8243; el_position=&#8221;first last&#8221;]\n<p><strong>Gr\u00e0cies a tota la gent que ha fet possible aquest projecte.<\/strong><\/p>\n<p><img loading=\"lazy\" decoding=\"async\" class=\"size-full wp-image-10623 alignleft\" src=\"https:\/\/lalalaeditorial.com\/wp-content\/uploads\/2013\/07\/micro8.jpg\" alt=\"micro1\" width=\"91\" height=\"86\"> Avieta Vicenta (Bes\u00e0via de Lucca i Manel) &#8211; Adam, Maco i Hassan &#8211; Adri\u00e0 Port i Molina &#8211; \u00c0gata Bicego i Natalia P\u00e9rez &#8211; Agrupaci\u00f3 Cris\u00e1lidas &#8211; Aida Brun &#8211; Aina i J\u00falia Puig Lorente &#8211; Aixa i Laia &#8211; Alain i Maruja &#8211; \u00c1lvaro i Rafa Lladre de Guevara &#8211; \u00c1lvaro, Iv\u00e1n, Espe i Javi &#8211; Amelia Celaya &#8211; AMPA C.P. L&#8217;Arenal de X\u00e0bia &#8211; Emparo Vera &#8211; Ana Aragoneses &#8211; Ana i Martina Madurga &#8211; Anangu Biotienda &#8211; Andrea Mas Rodr\u00edguez i Juanjo i M\u00aa Carmen &#8211; Anna Bel\u00e9n Fern\u00e1ndez &#8211; Anna Crespo Mas &#8211; Antonio, Cinta i Pepe &#8211; Anye Rocamundo &#8211; \u00c0rea Dona D&#8217;Intersindical Valenciana &#8211; Area Dona Jove del CJA &#8211; Aroa Tejero &#8211; Artichoke Movement &#8211; Assemblea de Joves del Poble Nou de Benitatxell &#8211; <img loading=\"lazy\" decoding=\"async\" class=\"size-full wp-image-10623 alignright\" src=\"https:\/\/lalalaeditorial.com\/wp-content\/uploads\/2013\/07\/micro1.jpg\" alt=\"micro1\" width=\"91\" height=\"86\">Asun Candelas Sanchiz &#8211; Axier Uzkudun &#8211; @batutto &#8211; Bel\u00e9n Ca\u00f1o Presa &#8211; Beltr\u00e1n Jorge Herrero &#8211;&nbsp;Berta Alzaga Baixauli &#8211; Beti, Silvia i Tito &#8211; Bree &#8211;&nbsp;Bruno i Dani Meier &#8211; Candela Mart\u00edn &#8211; Candela Montero Candelas &#8211; Candela i Olivia Lebrero &#8211; Cardaora bocarentina &#8211; Carla Box &#8211; Carla Massana &#8211;&nbsp;Carla, Marta i Natalia Insa &#8211; Carles Riera &#8211; Carlos Ciller &#8211; Carmen Duce &#8211; Carola &amp; Ivan &#8211; Caulinphoto &#8211; Ciclobolleres Pa\u00eds Valenci\u00e0 &#8211; Clara i Tolet Buigues &#8211;&nbsp;Cloti &#8211; ClownDestino Teatro &#8211; Concha i Montse &#8211; Cristina G. Labat &#8211; Cristina P\u00e8rez i Cristina P\u00e8rez Ram\u00edrez &#8211; Cristina i Tete &#8211; Damaco84 &#8211; Dar\u00edo Juan &#8211; <img loading=\"lazy\" decoding=\"async\" class=\"size-full wp-image-10625 alignleft\" src=\"https:\/\/lalalaeditorial.com\/wp-content\/uploads\/2013\/07\/micro3.jpg\" alt=\"micro3\" width=\"91\" height=\"86\">Delainey Masec &#8211; Delamar \u00d2ptics D\u00e9nia &#8211; Desir\u00e9 &#8211; Dibujos en invierno &#8211; Dora i Romualdo &#8211; Ecovamos &#8211; El Rinc\u00f3n de Teo &#8211; Elena Feral &#8211; Elena Montaner &#8211; Elisa Ant\u00f3n &#8211; Elo\u00efssa Vidal &#8211; Encarnita i Richard Galvani &#8211;&nbsp;Enol i Ill\u00e1n Cueto Menc\u00eda &#8211; Enrique Mascarell &#8211; enZETA, Estudi de disseny gr\u00e0fic, audiovisual i expositiu &#8211; Esperanza L\u00f3pez Hern\u00e1ndez &#8211; Ester L\u00f3pez &#8211; Esther i Joan &#8211; Eugeni Ivars i Poquet &#8211; Eugenia Torres Polito &#8211; Eva &#8211; Eva Terol Trenzano &#8211; Eva Velasco Bernal &#8211; Fam\u00edlia Isabel Abad\u00eda &#8211; Fam\u00edlia Lafarga-Verdeguer &#8211; Ferm\u00edn Ventura- Francesc Galiano &#8211; Fuencisla Garrof\u00e9 Montes -Fuenser &#8211; Gelen i Karla Ribelles &#8211;&nbsp;Giovanni i Teresa &#8211; Glori i Artur&nbsp;&#8211; Goretti L\u00f3pez &#8211; Guillem i Marc Sendra Alemany &#8211; Hugo i Alba Morales Ballester &#8211; Ibai i Hodei Garchitorena &#8211; Inma, la meua amiga &#8211; Irene Atukei &#8211; Irene S. Choya i Pilar Choya de la Cruz &#8211; <img loading=\"lazy\" decoding=\"async\" class=\"size-full wp-image-10624 alignright\" src=\"https:\/\/lalalaeditorial.com\/wp-content\/uploads\/2013\/07\/micro2.jpg\" alt=\"micro2\" width=\"91\" height=\"86\"> Isabel Mier &#8211;&nbsp;Isabel i Sua Fenoll &#8211; Isna &#8211; Jaume i \u00c1lvaro Iba\u00f1ez Mayor &#8211; Javi Mart\u00ednez &#8211; Joan Castillo &#8211; Joan Dom\u00e9nech &#8211; Joanna Mueller &#8211; JoanVi Ivars &#8211; Jon Cambronero &#8211; Jon i Adrian Ocejo &#8211; Jordi Estruch, Clara Molina i Tito Estruch &#8211; Josep Crespo Santacreu &#8211; Juan Carlos Garc\u00eda Vizacino &#8211; Juan F. C\u00f3zar &#8211; Juan Pablo &#8211; Juan Pablo &#8211; Juan S\u00e1nchez Choya &#8211; Juanvi i Regina Bordera &#8211; Judith &#8211; J\u00falia Ara\u00fajo &#8211; J\u00falia Piera Toledo &#8211; Juli\u00e1n Guerra L\u00f3pez &#8211; Kalaii &#8211; <img loading=\"lazy\" decoding=\"async\" class=\"size-full wp-image-10623 alignleft\" src=\"https:\/\/lalalaeditorial.com\/wp-content\/uploads\/2013\/07\/micro4.jpg\" alt=\"micro1\" width=\"91\" height=\"86\"> Katina Berenguer &#8211;&nbsp;Kika, Jaky i Kika &#8211; L Jones &#8211; L&#8217; avia (Ana) i l&#8217;avi (Antonio) de Luca i Manel &#8211; La Alegre Conchita. Projecte educatiu i sexel\u00f2gic &#8211; La rubia d\u2019Almoines &#8211; La Tasca De Jes\u00fas Pobre &#8211; Laia &#8211; Laia i J\u00falia Gomis &#8211; Laia Montero Candelas &#8211; Laia Ramiro Rubal &#8211; Laura i Blanca &#8211; L&#8217;Espai caf\u00e8, te i xocolata &#8211; Lidia i Llu\u00eds &#8211; Luca &#8211; &lt;<img loading=\"lazy\" decoding=\"async\" class=\"size-full wp-image-10623 alignright\" src=\"https:\/\/lalalaeditorial.com\/wp-content\/uploads\/2013\/07\/micro5.jpg\" alt=\"micro1\" width=\"91\" height=\"86\"> Luca Izquierdo Trabanco &#8211; Lucas i Ana Rivas &#8211; Luchilucha &#8211; Luis, Javier, Miguel i Chenchi &#8211; Luka Pineda &#8211; Lluna i Ysabel &#8211; M\u00aa Jos\u00e9 \u00c1lvarez Rodr\u00edguez &#8211; Maia i Lara Hughes &#8211; Manel &#8211; Manuel Fern\u00e1ndez &#8211; Mapi i Jose &#8211; Mar F. Cend\u00f3n &#8211; Mara &amp; Leah Mantec\u00f3n Garc\u00eda &#8211; Mararbes &#8211; Marc Corredor &#8211; Marc Vizcarra &#8211; Margarita GS &#8211; Mari Cruz Pla &#8211; Maria Calabuig &#8211; Mar\u00eda Candelas &#8211; Mar\u00eda Ferraz Dobarro &#8211; Maria Llopis &#8211; Mar\u00eda V. Nadal &#8211; Mar\u00eda Vilalta &#8211; Maria, Ambra Llibres Gandia &#8211; Maril\u00f3 Berenguer Ros &#8211; Marina Canales Candelas &#8211; Marina i Ana Mena &#8211; Marta Alonso &#8211; Marta Climent Garcia &#8211; Marta Colomer &#8211; Marta S\u00e1nchez &#8211; Marta i Rosa Salado Tom\u00e1s &#8211; Mart\u00edn &#8211; Martina de la Mora &#8211; Mateo i Alicia D\u00edaz P-Portabella &#8211; Matilde, Armando i Leonor &#8211; Mattew Osmon &#8211; M\u00e1ximo Mendoza Olmo &#8211; Mayka Lerma &#8211; Mayte Padilla &#8211; Melissa i Marcos S\u00e1nchez &#8211; Mercedes Lezcano Roca &#8211; Meri &#8211; Mery &#8211;<img loading=\"lazy\" decoding=\"async\" class=\"size-full wp-image-10623 alignleft\" src=\"https:\/\/lalalaeditorial.com\/wp-content\/uploads\/2013\/07\/micro6.jpg\" alt=\"micro1\" width=\"91\" height=\"86\"> Miguel G\u00f3mez C\u00e9spedes &#8211; Mila Cardona -Miquel P\u00e9rez &#8211; Mireia i Biel Ivorra &#8211; Mireia Nieto &#8211; Miriam Ubanet &#8211; Monicala &#8211; Montse Roura &#8211; Morena &#8211; Muixerangueta &#8211; Naroa i Nadaya Escanciano &#8211; Natalia i Gonzalo Mengual &#8211; Nel\u00b7la, Ot i Guiu Serrats &#8211; Nicoleta &#8211; Niraix i Aixa Berenguer Ferrer &#8211; N\u00faria, Guillem i J\u00falia Miralles &#8211; Nydia i Jaume &#8211; Olga i Luca &#8211; Olivia Arias &#8211; Oriol, Lucas i Sara &#8211; Paco Beato &#8211; Paloma G\u00f3mez &#8211; Paloma, Usue, Eric i Pepe &#8211; Paqui, Roser, Vicent i Jaume &#8211; Patricia Cot\u00e1n &#8211; Patricia, I\u00f1aki i Jon &#8211;<img loading=\"lazy\" decoding=\"async\" class=\"size-full wp-image-10623 alignright\" src=\"https:\/\/lalalaeditorial.com\/wp-content\/uploads\/2013\/07\/micro7.jpg\" alt=\"micro1\" width=\"91\" height=\"86\"> Pau, Dora i Lucas &#8211; Paula i \u00c1ngela Rodr\u00edguez &#8211; Paula, Inma i Rafa &#8211; Paula Montesinos S\u00e1nchez &#8211; Pauline Chevalier &#8211; Pedro Mart\u00ednez Valles, Sara Mart\u00ednez Ivars i Adriana Ivars Ronda &#8211; Pepe i Carmen &#8211; Pepe i Eva &#8211; Pepe Soler &#8211; Pepe, Ana i Mosquet\u00f3n &#8211; Pere Cabrera &#8211; Pere &nbsp;Ivars &#8211; Pilar Rubio Argil\u00e9s-Pili, Edorta, Maialen i Leire &#8211; Prepap\u00e1 &#8211; Reviscolant l&#8217;Alcoi\u00e0 &#8211; Ricardo Server &#8211; Rober Gonzalez Candelas &#8211; Roc Giner Beltr\u00e1n &#8211; RocaMadour &#8211; Roc\u00edo Gonz\u00e1lez Gonz\u00e1lez &#8211; Rom\u00e1n, Andrea, Helena, Carmen i Luc\u00eda Garc\u00eda &#8211; Rosa Estrataxema &#8211; Rosa i Paco Bernal (Col.lectiu Les Marines) &#8211; Rosa Sanchis &#8211;&nbsp;Rouse i Saoro &#8211; Rosendeta &#8211; Rub\u00e9n i Lumi Requejo &#8211; Sandra Campa\u00f1\u00f3n Guti\u00e9rrez &#8211; Sara Mart\u00ednez Ivars &#8211; Sergio Canales Candelas &#8211; Sil i Paula &#8211; Sofi i Majo &#8211; Sonia C\u00f3rdoba &#8211; S\u00f2nia i Biel Escriv\u00e0 Dur\u00e0 &#8211; Sonia Nazaret &#8211; S\u00f2nia Real &#8211; Sonia Valero &#8211; Suassi &#8211; Sue\u00f1os de papel &#8211; Suerte Loca Regalos &#8211; Tal\u00eda Rangil &#8211; Tamareta Montagud &#8211; Tania Gisbert Bonifacio &#8211;<img loading=\"lazy\" decoding=\"async\" class=\"size-full wp-image-10623 alignleft\" src=\"https:\/\/lalalaeditorial.com\/wp-content\/uploads\/2013\/07\/micro9.jpg\" alt=\"micro1\" width=\"91\" height=\"86\"> Tato Cuevas &#8211; Teresa Carrero Montes &#8211; Toni Gisbert Solbes &#8211; UI L&#8217;Alacant\u00ed-Les Marines CC.OO-PV &#8211; Vallip\u00f3n &#8211; Viatjar i Estudiar &#8211; Vicent Ferri &#8211; Vicent Ivars P\u00e9rez &#8211;<img loading=\"lazy\" decoding=\"async\" class=\"size-full wp-image-10623 alignright\" src=\"https:\/\/lalalaeditorial.com\/wp-content\/uploads\/2013\/07\/micro10.jpg\" alt=\"micro1\" width=\"91\" height=\"86\"> Victoria Mart\u00ednez &#8211; Zulema &#8211; Wild Honey &#8211; Xaro Mart\u00ednez Quintero &#8211; Ximo Lazaro &#8211; Ximo, Mere, Laila i Altea San\u00e7 Abraham &#8211; Xulia e Anxela G.M. &#8211; Elena Sim\u00f3n &#8211; Vicent, Megan, Kalaii, Pep, Dolo, Romu, Blanca, Laura, Carmen, Mar\u00eda, Robert, Tere, Teo, Ferran, Helena, Jose, Manel i Luca.<\/p>\n[\/impact_text] [spb_text_block pb_margin_bottom=&#8221;no&#8221; pb_border_bottom=&#8221;no&#8221; width=&#8221;1\/1&#8243; el_position=&#8221;first last&#8221;]\n<p>&nbsp;<\/p>\n<p>Durant la nostra traject\u00f2ria de m\u00e9s de deu anys hem participat en jornades i congressos de coeducaci\u00f3, han confiat en els nostres dos projectes, col\u00b7lectius i organismes oficials com la Regidoria d&#8217;igualtat i diversitat i educaci\u00f3, Regidoria de Benestar social, Unitat contra la viol\u00e8ncia de g\u00e8nere, Assessora T\u00e8cnica d&#8217;Igualtat &#8211; Servei d&#8217;Equitat i Inclusi\u00f3, Casa de la dona, Ajuntaments, Govern d&#8217;Arag\u00f3, col\u00b7lectius lgtbi, associaci\u00f3 de fam\u00edlies, cefire, universitat d&#8217;Alacant.<\/p>\n[\/spb_text_block]\n","protected":false},"excerpt":{"rendered":"<p>[spb_single_image image=&#8221;10621&#8243; image_size=&#8221;full&#8221; frame=&#8221;noframe&#8221; lightbox=&#8221;no&#8221; link_target=&#8221;_self&#8221; fullwidth=&#8221;no&#8221; width=&#8221;2\/3&#8243; el_position=&#8221;first&#8221;][\/spb_single_image] [spb_text_block pb_margin_bottom=&#8221;no&#8221; pb_border_bottom=&#8221;no&#8221; width=&#8221;1\/3&#8243; el_position=&#8221;last&#8221;] Hi havia una vegada una crisi. Les institucions p\u00fabliques estaven entre la fallida i el q\u00fcestionament permanent, les obres socials de les caixes d\u2019estalvi s\u2019esva\u00efen, els bancs no donaven (ni tenien) cr\u00e8dit, i quan semblava que estava per acabar-se el mon&#8230; llavors van apar\u00e8ixer les persones. [&hellip;]<\/p>\n","protected":false},"author":1,"featured_media":0,"parent":13201,"menu_order":0,"comment_status":"closed","ping_status":"closed","template":"","meta":{"ngg_post_thumbnail":0,"footnotes":""},"class_list":["post-11206","page","type-page","status-publish","hentry"],"_links":{"self":[{"href":"https:\/\/lalalaeditorial.com\/ca\/wp-json\/wp\/v2\/pages\/11206"}],"collection":[{"href":"https:\/\/lalalaeditorial.com\/ca\/wp-json\/wp\/v2\/pages"}],"about":[{"href":"https:\/\/lalalaeditorial.com\/ca\/wp-json\/wp\/v2\/types\/page"}],"author":[{"embeddable":true,"href":"https:\/\/lalalaeditorial.com\/ca\/wp-json\/wp\/v2\/users\/1"}],"replies":[{"embeddable":true,"href":"https:\/\/lalalaeditorial.com\/ca\/wp-json\/wp\/v2\/comments?post=11206"}],"version-history":[{"count":0,"href":"https:\/\/lalalaeditorial.com\/ca\/wp-json\/wp\/v2\/pages\/11206\/revisions"}],"up":[{"embeddable":true,"href":"https:\/\/lalalaeditorial.com\/ca\/wp-json\/wp\/v2\/pages\/13201"}],"wp:attachment":[{"href":"https:\/\/lalalaeditorial.com\/ca\/wp-json\/wp\/v2\/media?parent=11206"}],"curies":[{"name":"wp","href":"https:\/\/api.w.org\/{rel}","templated":true}]}}